{"id":872,"date":"2025-07-03T08:16:51","date_gmt":"2025-07-03T08:16:51","guid":{"rendered":"http:\/\/helenenavasse.com\/?post_type=tribe_events&#038;p=872"},"modified":"2025-07-03T08:26:39","modified_gmt":"2025-07-03T08:26:39","slug":"ensemble-intercontemporain-in-collaboration-with-odense-symphony-orchestra","status":"publish","type":"tribe_events","link":"http:\/\/helenenavasse.com\/index.php\/concert\/ensemble-intercontemporain-in-collaboration-with-odense-symphony-orchestra\/","title":{"rendered":"Ensemble Intercontemporain \/ Odense Symphony Orchestra"},"content":{"rendered":"<div  class=\"tribe-events-schedule tribe-clearfix\" >\n\t<h2 class=\"tribe-events-schedule__datetime\">\n\t\t<span class=\"tribe-events-schedule__date tribe-events-schedule__date--start\">\n\t\t\tJune 14, 2025\t\t<\/span>\n\n\t\t\t\t\t<span class=\"tribe-events-schedule__separator tribe-events-schedule__separator--date\">\n\t\t\t\t @ \t\t\t<\/span>\n\t\t\t<span class=\"tribe-events-schedule__time tribe-events-schedule__time--start\">\n\t\t\t\t3:00 am\t\t\t<\/span>\n\t\t\n\t\t\t\t\t\t\t\t\t<span class=\"tribe-events-schedule__separator tribe-events-schedule__separator--time\">\n\t\t\t\t\t &#8211; \t\t\t\t<\/span>\n\t\t\t\n\t\t\t\t\t\t\t<span class=\"tribe-events-schedule__time tribe-events-schedule__time--end\">\n\t\t\t\t\t5:00 pm\t\t\t\t<\/span>\n\t\t\t\n\t\t\t\t\t\t<\/h2>\n<\/div>\n\n\n\n<p>Direction of Pierre Bleuse.<br>Program Boulez and N\u00f8rg\u00e5rd<\/p>\n\n\n<div  class=\"tribe-block tribe-block__event-price\" >\n\t\t<\/div>\n\n\n\n\n\n<figure class=\"wp-block-embed is-type-wp-embed is-provider-ensemble-intercontemporain wp-block-embed-ensemble-intercontemporain\"><div class=\"wp-block-embed__wrapper\">\n<blockquote class=\"wp-embedded-content\" data-secret=\"Kzj8RsIzAk\"><a href=\"https:\/\/www.ensembleintercontemporain.com\/en\/concert\/rituel-in-memoriam-bruno-maderna-2025-06-14-20h00-odense\/\">Rituel in memoriam Bruno Maderna &#8211; 14\/06\/2025 20H00 &#8211; Odense<\/a><\/blockquote><iframe class=\"wp-embedded-content\" sandbox=\"allow-scripts\" security=\"restricted\" style=\"position: absolute; visibility: hidden;\" title=\"&#8220;Rituel in memoriam Bruno Maderna &#8211; 14\/06\/2025 20H00 &#8211; Odense&#8221; &#8212; Ensemble intercontemporain\" src=\"https:\/\/www.ensembleintercontemporain.com\/en\/concert\/rituel-in-memoriam-bruno-maderna-2025-06-14-20h00-odense\/embed\/#?secret=P0HDg0pFDR#?secret=Kzj8RsIzAk\" data-secret=\"Kzj8RsIzAk\" width=\"500\" height=\"282\" frameborder=\"0\" marginwidth=\"0\" marginheight=\"0\" scrolling=\"no\"><\/iframe>\n<\/div><\/figure>\n\n\n\t<div  class=\"tribe-block tribe-block__events-link\" >\n\t\t<div class=\"tribe-events tribe-common\">\n\t\t\t<div class=\"tribe-events-c-subscribe-dropdown__container\">\n\t\t\t\t<div class=\"tribe-events-c-subscribe-dropdown\">\n\t\t\t\t\t<div class=\"tribe-common-c-btn-border tribe-events-c-subscribe-dropdown__button\">\n\t\t\t\t\t\t<svg\n\t class=\"tribe-common-c-svgicon tribe-common-c-svgicon--cal-export tribe-events-c-subscribe-dropdown__export-icon\" \taria-hidden=\"true\"\n\tviewBox=\"0 0 23 17\"\n\txmlns=\"http:\/\/www.w3.org\/2000\/svg\"\n>\n\t<path fill-rule=\"evenodd\" clip-rule=\"evenodd\" d=\"M.128.896V16.13c0 .211.145.383.323.383h15.354c.179 0 .323-.172.323-.383V.896c0-.212-.144-.383-.323-.383H.451C.273.513.128.684.128.896Zm16 6.742h-.901V4.679H1.009v10.729h14.218v-3.336h.901V7.638ZM1.01 1.614h14.218v2.058H1.009V1.614Z\" \/>\n\t<path d=\"M20.5 9.846H8.312M18.524 6.953l2.89 2.909-2.855 2.855\" stroke-width=\"1.2\" stroke-linecap=\"round\" stroke-linejoin=\"round\"\/>\n<\/svg>\n\t\t\t\t\t\t<button\n\t\t\t\t\t\t\tclass=\"tribe-events-c-subscribe-dropdown__button-text\"\n\t\t\t\t\t\t\taria-expanded=\"false\"\n\t\t\t\t\t\t\taria-controls=\"tribe-events-subscribe-dropdown-content\"\n\t\t\t\t\t\t\taria-label=\"View links to add events to your calendar\"\n\t\t\t\t\t\t>\n\t\t\t\t\t\t\tAdd to calendar\t\t\t\t\t\t<\/button>\n\t\t\t\t\t\t<svg\n\t class=\"tribe-common-c-svgicon tribe-common-c-svgicon--caret-down tribe-events-c-subscribe-dropdown__button-icon\" \taria-hidden=\"true\"\n\tviewBox=\"0 0 10 7\"\n\txmlns=\"http:\/\/www.w3.org\/2000\/svg\"\n>\n\t<path fill-rule=\"evenodd\" clip-rule=\"evenodd\" d=\"M1.008.609L5 4.6 8.992.61l.958.958L5 6.517.05 1.566l.958-.958z\" class=\"tribe-common-c-svgicon__svg-fill\"\/>\n<\/svg>\n\t\t\t\t\t<\/div>\n\t\t\t\t\t<div id=\"tribe-events-subscribe-dropdown-content\" class=\"tribe-events-c-subscribe-dropdown__content\">\n\t\t\t\t\t\t<ul class=\"tribe-events-c-subscribe-dropdown__list\">\n\t\t\t\t\t\t\t\t\t\t\t\t\t\t\t<li class=\"tribe-events-c-subscribe-dropdown__list-item\">\n\t\t\t\t\t\t\t\t\t<a\n\t\t\t\t\t\t\t\t\t\thref=\"https:\/\/www.google.com\/calendar\/event?action=TEMPLATE&#038;dates=20250614T030000\/20250614T170000&#038;text=Ensemble%20Intercontemporain%20%2F%20Odense%20Symphony%20Orchestra&#038;details=%3Cp%3EDirection+of+Pierre+Bleuse.%3Cbr%3EProgram+Boulez+and+N%C3%B8rg%C3%A5rd%3C%2Fp%3E+%3Cfigure+class%3D%22wp-block-embed+is-type-wp-embed+is-provider-ensemble-intercontemporain+wp-block-embed-ensemble-intercontemporain%22%3E%3Cdiv+class%3D%22wp-block-embed__wrapper%22%3Ehttps%3A%2F%2Fwww.ensembleintercontemporain.com%2Fen%2Fconcert%2Frituel-in-memoriam-bruno-maderna-2025-06-14-20h00-odense%2F%3C%2Fdiv%3E%3C%2Ffigure%3E&#038;trp=false&#038;ctz=UTC+0&#038;sprop=website:http:\/\/helenenavasse.com\"\n\t\t\t\t\t\t\t\t\t\tclass=\"tribe-events-c-subscribe-dropdown__list-item-link\"\n\t\t\t\t\t\t\t\t\t\ttarget=\"_blank\"\n\t\t\t\t\t\t\t\t\t\trel=\"noopener noreferrer nofollow noindex\"\n\t\t\t\t\t\t\t\t\t>\n\t\t\t\t\t\t\t\t\t\tGoogle Calendar\t\t\t\t\t\t\t\t\t<\/a>\n\t\t\t\t\t\t\t\t<\/li>\n\t\t\t\t\t\t\t\t\t\t\t\t\t\t\t<li class=\"tribe-events-c-subscribe-dropdown__list-item\">\n\t\t\t\t\t\t\t\t\t<a\n\t\t\t\t\t\t\t\t\t\thref=\"\"\n\t\t\t\t\t\t\t\t\t\tclass=\"tribe-events-c-subscribe-dropdown__list-item-link\"\n\t\t\t\t\t\t\t\t\t\ttarget=\"_blank\"\n\t\t\t\t\t\t\t\t\t\trel=\"noopener noreferrer nofollow noindex\"\n\t\t\t\t\t\t\t\t\t>\n\t\t\t\t\t\t\t\t\t\tiCalendar\t\t\t\t\t\t\t\t\t<\/a>\n\t\t\t\t\t\t\t\t<\/li>\n\t\t\t\t\t\t\t\t\t\t\t\t\t\t\t<li class=\"tribe-events-c-subscribe-dropdown__list-item\">\n\t\t\t\t\t\t\t\t\t<a\n\t\t\t\t\t\t\t\t\t\thref=\"\"\n\t\t\t\t\t\t\t\t\t\tclass=\"tribe-events-c-subscribe-dropdown__list-item-link\"\n\t\t\t\t\t\t\t\t\t\ttarget=\"_blank\"\n\t\t\t\t\t\t\t\t\t\trel=\"noopener noreferrer nofollow noindex\"\n\t\t\t\t\t\t\t\t\t>\n\t\t\t\t\t\t\t\t\t\tOutlook 365\t\t\t\t\t\t\t\t\t<\/a>\n\t\t\t\t\t\t\t\t<\/li>\n\t\t\t\t\t\t\t\t\t\t\t\t\t\t\t<li class=\"tribe-events-c-subscribe-dropdown__list-item\">\n\t\t\t\t\t\t\t\t\t<a\n\t\t\t\t\t\t\t\t\t\thref=\"\"\n\t\t\t\t\t\t\t\t\t\tclass=\"tribe-events-c-subscribe-dropdown__list-item-link\"\n\t\t\t\t\t\t\t\t\t\ttarget=\"_blank\"\n\t\t\t\t\t\t\t\t\t\trel=\"noopener noreferrer nofollow noindex\"\n\t\t\t\t\t\t\t\t\t>\n\t\t\t\t\t\t\t\t\t\tOutlook Live\t\t\t\t\t\t\t\t\t<\/a>\n\t\t\t\t\t\t\t\t<\/li>\n\t\t\t\t\t\t\t\t\t\t\t\t\t<\/ul>\n\t\t\t\t\t<\/div>\n\t\t\t\t<\/div>\n\t\t\t<\/div>\n\t\t<\/div>\n\t<\/div>\n\n","protected":false},"excerpt":{"rendered":"<p>Direction of Pierre Bleuse.Program Boulez and N\u00f8rg\u00e5rd [&hellip;]<\/p>\n","protected":false},"author":1,"featured_media":878,"template":"","meta":{"_EventAllDay":false,"_EventTimezone":"UTC+0","_EventStartDate":"2025-06-14 03:00:00","_EventEndDate":"2025-06-14 17:00:00","_EventStartDateUTC":"2025-06-14 03:00:00","_EventEndDateUTC":"2025-06-14 17:00:00","_EventShowMap":false,"_EventShowMapLink":false,"_EventURL":"","_EventCost":"","_EventCostDescription":"","_EventCurrencySymbol":"kr.","_EventCurrencyCode":"DKK","_EventCurrencyPosition":"prefix","_EventDateTimeSeparator":" @ ","_EventTimeRangeSeparator":" - ","_EventOrganizerID":[],"_EventVenueID":[],"_OrganizerEmail":"","_OrganizerPhone":"","_OrganizerWebsite":"","_VenueAddress":"","_VenueCity":"","_VenueCountry":"","_VenueProvince":"","_VenueState":"","_VenueZip":"","_VenuePhone":"","_VenueURL":"","_VenueStateProvince":"","_VenueLat":"","_VenueLng":"","_VenueShowMap":false,"_VenueShowMapLink":false,"_tribe_events_status":"","_tribe_events_status_reason":"","footnotes":""},"tags":[],"tribe_events_cat":[],"class_list":["post-872","tribe_events","type-tribe_events","status-publish","has-post-thumbnail","hentry"],"yoast_head":"<!-- This site is optimized with the Yoast SEO plugin v25.4 - https:\/\/yoast.com\/wordpress\/plugins\/seo\/ -->\n<title>Ensemble Intercontemporain \/ Odense Symphony Orchestra - H\u00e9l\u00e8ne Navasse<\/title>\n<meta name=\"robots\" content=\"index, follow, max-snippet:-1, max-image-preview:large, max-video-preview:-1\" \/>\n<link rel=\"canonical\" href=\"http:\/\/helenenavasse.com\/index.php\/concert\/ensemble-intercontemporain-in-collaboration-with-odense-symphony-orchestra\/\" \/>\n<meta property=\"og:locale\" content=\"en_GB\" \/>\n<meta property=\"og:type\" content=\"article\" \/>\n<meta property=\"og:title\" content=\"Ensemble Intercontemporain \/ Odense Symphony Orchestra - H\u00e9l\u00e8ne Navasse\" \/>\n<meta property=\"og:description\" content=\"Direction of Pierre Bleuse.Program Boulez and N\u00f8rg\u00e5rd [&hellip;]\" \/>\n<meta property=\"og:url\" content=\"http:\/\/helenenavasse.com\/index.php\/concert\/ensemble-intercontemporain-in-collaboration-with-odense-symphony-orchestra\/\" \/>\n<meta property=\"og:site_name\" content=\"H\u00e9l\u00e8ne Navasse\" \/>\n<meta property=\"article:modified_time\" content=\"2025-07-03T08:26:39+00:00\" \/>\n<meta property=\"og:image\" content=\"http:\/\/helenenavasse.com\/wp-content\/uploads\/2025\/07\/concert.png\" \/>\n\t<meta property=\"og:image:width\" content=\"808\" \/>\n\t<meta property=\"og:image:height\" content=\"818\" \/>\n\t<meta property=\"og:image:type\" content=\"image\/png\" \/>\n<meta name=\"twitter:card\" content=\"summary_large_image\" \/>\n<script type=\"application\/ld+json\" class=\"yoast-schema-graph\">{\"@context\":\"https:\/\/schema.org\",\"@graph\":[{\"@type\":\"WebPage\",\"@id\":\"http:\/\/helenenavasse.com\/index.php\/concert\/ensemble-intercontemporain-in-collaboration-with-odense-symphony-orchestra\/\",\"url\":\"http:\/\/helenenavasse.com\/index.php\/concert\/ensemble-intercontemporain-in-collaboration-with-odense-symphony-orchestra\/\",\"name\":\"Ensemble Intercontemporain \/ Odense Symphony Orchestra - H\u00e9l\u00e8ne Navasse\",\"isPartOf\":{\"@id\":\"https:\/\/helenenavasse.com\/#website\"},\"primaryImageOfPage\":{\"@id\":\"http:\/\/helenenavasse.com\/index.php\/concert\/ensemble-intercontemporain-in-collaboration-with-odense-symphony-orchestra\/#primaryimage\"},\"image\":{\"@id\":\"http:\/\/helenenavasse.com\/index.php\/concert\/ensemble-intercontemporain-in-collaboration-with-odense-symphony-orchestra\/#primaryimage\"},\"thumbnailUrl\":\"http:\/\/helenenavasse.com\/wp-content\/uploads\/2025\/07\/concert.png\",\"datePublished\":\"2025-07-03T08:16:51+00:00\",\"dateModified\":\"2025-07-03T08:26:39+00:00\",\"breadcrumb\":{\"@id\":\"http:\/\/helenenavasse.com\/index.php\/concert\/ensemble-intercontemporain-in-collaboration-with-odense-symphony-orchestra\/#breadcrumb\"},\"inLanguage\":\"en-GB\",\"potentialAction\":[{\"@type\":\"ReadAction\",\"target\":[\"http:\/\/helenenavasse.com\/index.php\/concert\/ensemble-intercontemporain-in-collaboration-with-odense-symphony-orchestra\/\"]}]},{\"@type\":\"ImageObject\",\"inLanguage\":\"en-GB\",\"@id\":\"http:\/\/helenenavasse.com\/index.php\/concert\/ensemble-intercontemporain-in-collaboration-with-odense-symphony-orchestra\/#primaryimage\",\"url\":\"http:\/\/helenenavasse.com\/wp-content\/uploads\/2025\/07\/concert.png\",\"contentUrl\":\"http:\/\/helenenavasse.com\/wp-content\/uploads\/2025\/07\/concert.png\",\"width\":808,\"height\":818},{\"@type\":\"BreadcrumbList\",\"@id\":\"http:\/\/helenenavasse.com\/index.php\/concert\/ensemble-intercontemporain-in-collaboration-with-odense-symphony-orchestra\/#breadcrumb\",\"itemListElement\":[{\"@type\":\"ListItem\",\"position\":1,\"name\":\"Home\",\"item\":\"https:\/\/helenenavasse.com\/\"},{\"@type\":\"ListItem\",\"position\":2,\"name\":\"Events\",\"item\":\"https:\/\/helenenavasse.com\/index.php\/calender\/\"},{\"@type\":\"ListItem\",\"position\":3,\"name\":\"Ensemble Intercontemporain \/ Odense Symphony Orchestra\"}]},{\"@type\":\"WebSite\",\"@id\":\"https:\/\/helenenavasse.com\/#website\",\"url\":\"https:\/\/helenenavasse.com\/\",\"name\":\"H\u00e9l\u00e8ne Navasse\",\"description\":\"Classical &amp; Contemporary flutist - &quot;A luminous talent&quot; Berlingske\",\"publisher\":{\"@id\":\"https:\/\/helenenavasse.com\/#\/schema\/person\/298d8c03d67ff615a4b88b8de16713a5\"},\"potentialAction\":[{\"@type\":\"SearchAction\",\"target\":{\"@type\":\"EntryPoint\",\"urlTemplate\":\"https:\/\/helenenavasse.com\/?s={search_term_string}\"},\"query-input\":{\"@type\":\"PropertyValueSpecification\",\"valueRequired\":true,\"valueName\":\"search_term_string\"}}],\"inLanguage\":\"en-GB\"},{\"@type\":[\"Person\",\"Organization\"],\"@id\":\"https:\/\/helenenavasse.com\/#\/schema\/person\/298d8c03d67ff615a4b88b8de16713a5\",\"name\":\"admin\",\"image\":{\"@type\":\"ImageObject\",\"inLanguage\":\"en-GB\",\"@id\":\"https:\/\/helenenavasse.com\/#\/schema\/person\/image\/\",\"url\":\"https:\/\/helenenavasse.com\/wp-content\/uploads\/2025\/07\/fotoDeinats_22.10.2009-286.jpg\",\"contentUrl\":\"https:\/\/helenenavasse.com\/wp-content\/uploads\/2025\/07\/fotoDeinats_22.10.2009-286.jpg\",\"width\":854,\"height\":1280,\"caption\":\"admin\"},\"logo\":{\"@id\":\"https:\/\/helenenavasse.com\/#\/schema\/person\/image\/\"},\"sameAs\":[\"http:\/\/helenenavasse.com\"]}]}<\/script>\n<!-- \/ Yoast SEO plugin. -->","yoast_head_json":{"title":"Ensemble Intercontemporain \/ Odense Symphony Orchestra - H\u00e9l\u00e8ne Navasse","robots":{"index":"index","follow":"follow","max-snippet":"max-snippet:-1","max-image-preview":"max-image-preview:large","max-video-preview":"max-video-preview:-1"},"canonical":"http:\/\/helenenavasse.com\/index.php\/concert\/ensemble-intercontemporain-in-collaboration-with-odense-symphony-orchestra\/","og_locale":"en_GB","og_type":"article","og_title":"Ensemble Intercontemporain \/ Odense Symphony Orchestra - H\u00e9l\u00e8ne Navasse","og_description":"Direction of Pierre Bleuse.Program Boulez and N\u00f8rg\u00e5rd [&hellip;]","og_url":"http:\/\/helenenavasse.com\/index.php\/concert\/ensemble-intercontemporain-in-collaboration-with-odense-symphony-orchestra\/","og_site_name":"H\u00e9l\u00e8ne Navasse","article_modified_time":"2025-07-03T08:26:39+00:00","og_image":[{"width":808,"height":818,"url":"http:\/\/helenenavasse.com\/wp-content\/uploads\/2025\/07\/concert.png","type":"image\/png"}],"twitter_card":"summary_large_image","schema":{"@context":"https:\/\/schema.org","@graph":[{"@type":"WebPage","@id":"http:\/\/helenenavasse.com\/index.php\/concert\/ensemble-intercontemporain-in-collaboration-with-odense-symphony-orchestra\/","url":"http:\/\/helenenavasse.com\/index.php\/concert\/ensemble-intercontemporain-in-collaboration-with-odense-symphony-orchestra\/","name":"Ensemble Intercontemporain \/ Odense Symphony Orchestra - H\u00e9l\u00e8ne Navasse","isPartOf":{"@id":"https:\/\/helenenavasse.com\/#website"},"primaryImageOfPage":{"@id":"http:\/\/helenenavasse.com\/index.php\/concert\/ensemble-intercontemporain-in-collaboration-with-odense-symphony-orchestra\/#primaryimage"},"image":{"@id":"http:\/\/helenenavasse.com\/index.php\/concert\/ensemble-intercontemporain-in-collaboration-with-odense-symphony-orchestra\/#primaryimage"},"thumbnailUrl":"http:\/\/helenenavasse.com\/wp-content\/uploads\/2025\/07\/concert.png","datePublished":"2025-07-03T08:16:51+00:00","dateModified":"2025-07-03T08:26:39+00:00","breadcrumb":{"@id":"http:\/\/helenenavasse.com\/index.php\/concert\/ensemble-intercontemporain-in-collaboration-with-odense-symphony-orchestra\/#breadcrumb"},"inLanguage":"en-GB","potentialAction":[{"@type":"ReadAction","target":["http:\/\/helenenavasse.com\/index.php\/concert\/ensemble-intercontemporain-in-collaboration-with-odense-symphony-orchestra\/"]}]},{"@type":"ImageObject","inLanguage":"en-GB","@id":"http:\/\/helenenavasse.com\/index.php\/concert\/ensemble-intercontemporain-in-collaboration-with-odense-symphony-orchestra\/#primaryimage","url":"http:\/\/helenenavasse.com\/wp-content\/uploads\/2025\/07\/concert.png","contentUrl":"http:\/\/helenenavasse.com\/wp-content\/uploads\/2025\/07\/concert.png","width":808,"height":818},{"@type":"BreadcrumbList","@id":"http:\/\/helenenavasse.com\/index.php\/concert\/ensemble-intercontemporain-in-collaboration-with-odense-symphony-orchestra\/#breadcrumb","itemListElement":[{"@type":"ListItem","position":1,"name":"Home","item":"https:\/\/helenenavasse.com\/"},{"@type":"ListItem","position":2,"name":"Events","item":"https:\/\/helenenavasse.com\/index.php\/calender\/"},{"@type":"ListItem","position":3,"name":"Ensemble Intercontemporain \/ Odense Symphony Orchestra"}]},{"@type":"WebSite","@id":"https:\/\/helenenavasse.com\/#website","url":"https:\/\/helenenavasse.com\/","name":"H\u00e9l\u00e8ne Navasse","description":"Classical &amp; Contemporary flutist - &quot;A luminous talent&quot; Berlingske","publisher":{"@id":"https:\/\/helenenavasse.com\/#\/schema\/person\/298d8c03d67ff615a4b88b8de16713a5"},"potentialAction":[{"@type":"SearchAction","target":{"@type":"EntryPoint","urlTemplate":"https:\/\/helenenavasse.com\/?s={search_term_string}"},"query-input":{"@type":"PropertyValueSpecification","valueRequired":true,"valueName":"search_term_string"}}],"inLanguage":"en-GB"},{"@type":["Person","Organization"],"@id":"https:\/\/helenenavasse.com\/#\/schema\/person\/298d8c03d67ff615a4b88b8de16713a5","name":"admin","image":{"@type":"ImageObject","inLanguage":"en-GB","@id":"https:\/\/helenenavasse.com\/#\/schema\/person\/image\/","url":"https:\/\/helenenavasse.com\/wp-content\/uploads\/2025\/07\/fotoDeinats_22.10.2009-286.jpg","contentUrl":"https:\/\/helenenavasse.com\/wp-content\/uploads\/2025\/07\/fotoDeinats_22.10.2009-286.jpg","width":854,"height":1280,"caption":"admin"},"logo":{"@id":"https:\/\/helenenavasse.com\/#\/schema\/person\/image\/"},"sameAs":["http:\/\/helenenavasse.com"]}]}},"_links":{"self":[{"href":"http:\/\/helenenavasse.com\/index.php\/wp-json\/wp\/v2\/tribe_events\/872","targetHints":{"allow":["GET"]}}],"collection":[{"href":"http:\/\/helenenavasse.com\/index.php\/wp-json\/wp\/v2\/tribe_events"}],"about":[{"href":"http:\/\/helenenavasse.com\/index.php\/wp-json\/wp\/v2\/types\/tribe_events"}],"author":[{"embeddable":true,"href":"http:\/\/helenenavasse.com\/index.php\/wp-json\/wp\/v2\/users\/1"}],"version-history":[{"count":0,"href":"http:\/\/helenenavasse.com\/index.php\/wp-json\/wp\/v2\/tribe_events\/872\/revisions"}],"wp:featuredmedia":[{"embeddable":true,"href":"http:\/\/helenenavasse.com\/index.php\/wp-json\/wp\/v2\/media\/878"}],"wp:attachment":[{"href":"http:\/\/helenenavasse.com\/index.php\/wp-json\/wp\/v2\/media?parent=872"}],"wp:term":[{"taxonomy":"post_tag","embeddable":true,"href":"http:\/\/helenenavasse.com\/index.php\/wp-json\/wp\/v2\/tags?post=872"},{"taxonomy":"tribe_events_cat","embeddable":true,"href":"http:\/\/helenenavasse.com\/index.php\/wp-json\/wp\/v2\/tribe_events_cat?post=872"}],"curies":[{"name":"wp","href":"https:\/\/api.w.org\/{rel}","templated":true}]}}